{"id":4269,"date":"2024-09-11T18:07:11","date_gmt":"2024-09-11T23:07:11","guid":{"rendered":"http:\/\/my.vanderbilt.edu\/williamfranke\/2012\/02\/Bras-Dante-conf\u00e9rances.pdf"},"modified":"2025-03-28T16:31:41","modified_gmt":"2025-03-28T21:31:41","slug":"bras-dante-conferances","status":"inherit","type":"attachment","link":"https:\/\/my.vanderbilt.edu\/williamfranke\/lectures-and-events\/bras-dante-conferances\/","title":{"rendered":"Bras &#8211; Dante conf\u00e9rances"},"author":615,"featured_media":0,"comment_status":"closed","ping_status":"closed","template":"","meta":[],"class_list":["post-4269","attachment","type-attachment","status-inherit","hentry"],"description":{"rendered":"<p class=\"attachment\"><a href='https:\/\/cdn.vanderbilt.edu\/t2-my\/my-prd\/wp-content\/uploads\/sites\/470\/2012\/02\/Bras-Dante-conf%C3%A9rances.pdf'>Bras - Dante conf\u00e9rances<\/a><\/p>\n<p><img decoding=\"async\" src=\"https:\/\/cdn.vanderbilt.edu\/t2-my\/my-prd\/wp-content\/uploads\/sites\/470\/2025\/01\/Affiche-Bras-Enfer.jpg\" alt=\"Bras \u2013 Dante conf\u00e9rances \u2013 William Franke\" \/><\/p>\n<p><img decoding=\"async\" src=\"https:\/\/cdn.vanderbilt.edu\/t2-my\/my-prd\/wp-content\/uploads\/sites\/470\/2025\/03\/outlook-01.jpg\" alt=\"lecture\" \/><\/p>\n<p><a href=\"https:\/\/www.youtube.com\/watch?v=L4wVsLRYWT0\">William Franke, L\u2019Enfer de Dante, conf\u00e9rence \u00e0 Bras (France)<\/a><\/p>\n<p><img decoding=\"async\" src=\"https:\/\/cdn.vanderbilt.edu\/t2-my\/my-prd\/wp-content\/uploads\/sites\/470\/2025\/03\/outlook-02a.jpg\" alt=\"lecture\" \/><\/p>\n<p><a href=\"https:\/\/www.youtube.com\/watch?v=D-cql7rkguM\">William Franke, Le Purgatoire de Dante, Conf\u00e9rence \u00e0 Bras (France)<\/a><\/p>\n<p><img decoding=\"async\" src=\"https:\/\/cdn.vanderbilt.edu\/t2-my\/my-prd\/wp-content\/uploads\/sites\/470\/2025\/03\/outlook-03a.jpg\" alt=\"lecture\" \/><\/p>\n<p><a href=\"https:\/\/www.youtube.com\/watch?v=6yFBRIfxXQc\">William Franke, Le Paradis de Dante, Conf\u00e9rence \u00e0 Bras (France)<\/a><\/p>\n<p><a href=\"https:\/\/youtu.be\/RLc85lNUpgE?si=0-1WSzW3CYyRS9hH\">William Franke, L&#8217;enfers de Dante, conf\u00e9rence \u00e0 Bras, pt. 1<\/a><\/p>\n<p><a href=\"https:\/\/youtu.be\/mpLCeWAXzFo?si=9taN5CfRwF4h9FuR\">William Franke, L&#8217;enfer de Dante, conf\u00e9rence \u00e0 Bras, pt 2<\/a><\/p>\n<p><a href=\"https:\/\/drive.google.com\/file\/d\/1zvLCEOriyQzQwvkSD-J8QJRfpBTrt02I\/view\">William Franke, L&#8217;enfer.MP3 &#8211; Google Drive<\/a><\/p>\n<p><img decoding=\"async\" class=\"alignnone size-full wp-image-4351\" src=\"https:\/\/cdn.vanderbilt.edu\/t2-my\/my-prd\/wp-content\/uploads\/sites\/470\/2012\/02\/Purgatoire-Affiche-Bras.jpg\" alt=\"Purgatoire-Affiche-Bras\" width=\"100%\" srcset=\"https:\/\/cdn.vanderbilt.edu\/t2-my\/my-prd\/wp-content\/uploads\/sites\/470\/2012\/02\/Purgatoire-Affiche-Bras.jpg 1414w, https:\/\/cdn.vanderbilt.edu\/t2-my\/my-prd\/wp-content\/uploads\/sites\/470\/2012\/02\/Purgatoire-Affiche-Bras-212x300.jpg 212w, https:\/\/cdn.vanderbilt.edu\/t2-my\/my-prd\/wp-content\/uploads\/sites\/470\/2012\/02\/Purgatoire-Affiche-Bras-768x1086.jpg 768w, https:\/\/cdn.vanderbilt.edu\/t2-my\/my-prd\/wp-content\/uploads\/sites\/470\/2012\/02\/Purgatoire-Affiche-Bras-460x650.jpg 460w\" sizes=\"(max-width: 1414px) 100vw, 1414px\" \/><\/p>\n<p><a href=\"https:\/\/drive.google.com\/file\/d\/1lPtagnFdReGAb88bQSsoEDkd6ihAzSQm\/view?ts=67a2ac0b\">William le Purgatoire.MP3 &#8211; Google Drive<\/a><\/p>\n<p><img decoding=\"async\" src=\"https:\/\/cdn.vanderbilt.edu\/t2-my\/my-prd\/wp-content\/uploads\/sites\/470\/2025\/03\/Affiche-Paradis.jpg\" alt=\"Lecture\" \/><\/p>\n<p><img decoding=\"async\" src=\"https:\/\/cdn.vanderbilt.edu\/t2-my\/my-prd\/wp-content\/uploads\/sites\/470\/2025\/03\/Bras-Dante-confe%CC%81rances.png\" alt=\"lecture\" \/><\/p>\n"},"caption":{"rendered":"<p>Bras &#8211; Dante conf\u00e9rances William Franke, L\u2019Enfer de Dante, conf\u00e9rence \u00e0 Bras (France) William Franke, Le Purgatoire de Dante, Conf\u00e9rence \u00e0 Bras (France) William Franke, Le Paradis de Dante, Conf\u00e9rence \u00e0 Bras (France) William Franke, L&#8217;enfers de Dante, conf\u00e9rence \u00e0 Bras, pt. 1 William Franke, L&#8217;enfer de Dante, conf\u00e9rence \u00e0 Bras, pt 2 William Franke,&#8230;<\/p>\n"},"alt_text":"","media_type":"file","mime_type":"application\/pdf","media_details":{},"post":4,"source_url":"https:\/\/cdn.vanderbilt.edu\/t2-my\/my-prd\/wp-content\/uploads\/sites\/470\/2012\/02\/Bras-Dante-conf%C3%A9rances.pdf","_links":{"self":[{"href":"https:\/\/my.vanderbilt.edu\/williamfranke\/wp-json\/wp\/v2\/media\/4269","targetHints":{"allow":["GET"]}}],"collection":[{"href":"https:\/\/my.vanderbilt.edu\/williamfranke\/wp-json\/wp\/v2\/media"}],"about":[{"href":"https:\/\/my.vanderbilt.edu\/williamfranke\/wp-json\/wp\/v2\/types\/attachment"}],"author":[{"embeddable":true,"href":"https:\/\/my.vanderbilt.edu\/williamfranke\/wp-json\/wp\/v2\/users\/615"}],"replies":[{"embeddable":true,"href":"https:\/\/my.vanderbilt.edu\/williamfranke\/wp-json\/wp\/v2\/comments?post=4269"}]}}