{"id":3866,"date":"2023-05-12T15:54:26","date_gmt":"2023-05-12T20:54:26","guid":{"rendered":"http:\/\/my.vanderbilt.edu\/williamfranke\/?page_id=3866"},"modified":"2023-12-27T22:54:21","modified_gmt":"2023-12-28T03:54:21","slug":"krakow-platonic-summer-seminar","status":"publish","type":"page","link":"https:\/\/my.vanderbilt.edu\/williamfranke\/krakow-platonic-summer-seminar\/","title":{"rendered":"Krakow Platonic Summer Seminar"},"content":{"rendered":"<p>&nbsp;<\/p>\n<p><iframe loading=\"lazy\" title=\"Plato\u2019s Apophatic Legacy: Taking Letters Literally and Figuring the Unsayable.\" width=\"500\" height=\"281\" src=\"https:\/\/www.youtube.com\/embed\/wIfiFRIUi3g?feature=oembed\" frameborder=\"0\" allow=\"accelerometer; autoplay; clipboard-write; encrypted-media; gyroscope; picture-in-picture; web-share\" referrerpolicy=\"strict-origin-when-cross-origin\" allowfullscreen><\/iframe><\/p>\n<p><a href=\"https:\/\/youtu.be\/wIfiFRIUi3g\">Videorecording of lecture<\/a><\/p>\n<div class=\"x_elementToProof\"><a id=\"OWA11fdb7d5-4729-24f8-a6b8-e2e7b52b3a99\" class=\"x_OWAAutoLink\" title=\"Original URL: https:\/\/www.youtube.com\/watch?v=wIfiFRIUi3g. Click or tap if you trust this link.\" href=\"https:\/\/nam04.safelinks.protection.outlook.com\/?url=https%3A%2F%2Fwww.youtube.com%2Fwatch%3Fv%3DwIfiFRIUi3g&amp;data=05%7C02%7Cwilliam.franke%40vanderbilt.edu%7C5a7aed03b2fb4c739b1908dc075853aa%7Cba5a7f39e3be4ab3b45067fa80faecad%7C0%7C0%7C638393323151804321%7CUnknown%7CTWFpbGZsb3d8eyJWIjoiMC4wLjAwMDAiLCJQIjoiV2luMzIiLCJBTiI6Ik1haWwiLCJXVCI6Mn0%3D%7C3000%7C%7C%7C&amp;sdata=As%2BayQW5iNAYzsevmRZ64exvTyLoiYUJII%2FVxQ%2BnPHw%3D&amp;reserved=0\">Plato\u2019s Apophatic Legacy: Taking Letters Literally and Figuring the Unsayable. (youtube.com)<\/a><\/div>\n<div class=\"x_elementToProof\"><\/div>\n<div class=\"x__Entity x__EType_OWALinkPreview x__EId_OWALinkPreview x__EReadonly_1\">\n<div id=\"LPBorder_BVTaHR0cHM6Ly93d3cueW91dHViZS5jb20vd2F0Y2g:dj13SWZpRlJJVWkzZw..\" class=\"x_LPBorder642613\">\n<table id=\"LPContainer642613\">\n<tbody>\n<tr valign=\"top\">\n<td>\n<div id=\"LPImageContainer642613\">\n<p><a id=\"LPImageAnchor642613\" title=\"Original URL: https:\/\/www.youtube.com\/watch?v=wIfiFRIUi3g. Click or tap if you trust this link.\" href=\"https:\/\/nam04.safelinks.protection.outlook.com\/?url=https%3A%2F%2Fwww.youtube.com%2Fwatch%3Fv%3DwIfiFRIUi3g&amp;data=05%7C02%7Cwilliam.franke%40vanderbilt.edu%7C5a7aed03b2fb4c739b1908dc075853aa%7Cba5a7f39e3be4ab3b45067fa80faecad%7C0%7C0%7C638393323151804321%7CUnknown%7CTWFpbGZsb3d8eyJWIjoiMC4wLjAwMDAiLCJQIjoiV2luMzIiLCJBTiI6Ik1haWwiLCJXVCI6Mn0%3D%7C3000%7C%7C%7C&amp;sdata=As%2BayQW5iNAYzsevmRZ64exvTyLoiYUJII%2FVxQ%2BnPHw%3D&amp;reserved=0\"><img loading=\"lazy\" decoding=\"async\" id=\"LPThumbnailImageId642613\" src=\"https:\/\/i.ytimg.com\/vi\/wIfiFRIUi3g\/hqdefault.jpg?sqp=-oaymwEmCOADEOgC8quKqQMa8AEB-AH-CYAC0AWKAgwIABABGFggYihlMA8=&amp;rs=AOn4CLAhMcEzk2G1J9IevVa-KgsSH1uxkA\" alt=\"\" width=\"240\" height=\"180\" \/><\/a><\/p>\n<div id=\"LPPlayButton642613\" class=\"wuuQW\"><i class=\"G1nNr root-475\">\ue768<\/i><\/div>\n<\/div>\n<\/td>\n<td>\n<div id=\"LPTitle642613\"><a id=\"LPUrlAnchor642613\" title=\"Original URL: https:\/\/www.youtube.com\/watch?v=wIfiFRIUi3g. Click or tap if you trust this link.\" href=\"https:\/\/nam04.safelinks.protection.outlook.com\/?url=https%3A%2F%2Fwww.youtube.com%2Fwatch%3Fv%3DwIfiFRIUi3g&amp;data=05%7C02%7Cwilliam.franke%40vanderbilt.edu%7C5a7aed03b2fb4c739b1908dc075853aa%7Cba5a7f39e3be4ab3b45067fa80faecad%7C0%7C0%7C638393323151804321%7CUnknown%7CTWFpbGZsb3d8eyJWIjoiMC4wLjAwMDAiLCJQIjoiV2luMzIiLCJBTiI6Ik1haWwiLCJXVCI6Mn0%3D%7C3000%7C%7C%7C&amp;sdata=As%2BayQW5iNAYzsevmRZ64exvTyLoiYUJII%2FVxQ%2BnPHw%3D&amp;reserved=0\">Plato\u2019s Apophatic Legacy: Taking Letters Literally and Figuring the Unsayable.<\/a><\/div>\n<div id=\"LPDescription642613\">GUEST LECTURE for 7th Platonic Summer Seminar: \u1f04\u03b3\u03c1\u03b1\u03c6\u03b1 \u03b4\u03cc\u03b3\u03bc\u03b1\u03c4\u03b1, Lanckorona (Krakow), Poland, June 25-July 2, 2023<\/div>\n<div id=\"LPMetadata642613\"><a class=\"ms-outlook-linkify\" href=\"http:\/\/www.youtube.com\/\" target=\"_blank\">www.youtube.com<\/a><\/div>\n<\/td>\n<\/tr>\n<\/tbody>\n<\/table>\n<\/div>\n<\/div>\n<table>\n<tbody>\n<tr>\n<td>\n<table border=\"1\" width=\"600\" cellspacing=\"0\" cellpadding=\"20\">\n<tbody>\n<tr>\n<td>&nbsp;<\/p>\n<p><img decoding=\"async\" src=\"https:\/\/platon.up.krakow.pl\/glyptothek-muenchen-800.jpg\" \/><\/p>\n<p>7th Platonic Summer Seminar 25.06\u20131.07.2023 Lanckorona \u1f04\u03b3\u03c1\u03b1\u03c6\u03b1 \u03b4\u03cc\u03b3\u03bc\u03b1\u03c4\u03b1<\/p>\n<p><a href=\"https:\/\/platon.up.krakow.pl\/idea.html\">idea<\/a> <a href=\"https:\/\/platon.up.krakow.pl\/schedule.html\">schedule<\/a> <a href=\"https:\/\/platon.up.krakow.pl\/readings.html\">readings<\/a> <a href=\"https:\/\/platon.up.krakow.pl\/history.html\">history<\/a> <a href=\"https:\/\/platon.up.krakow.pl\/organizers.html\">organizers<\/a> <a href=\"https:\/\/platon.up.krakow.pl\/registration.html\">registration<\/a> <a href=\"https:\/\/platon.up.krakow.pl\/location.html\">location<\/a><\/p>\n<p>&nbsp;<\/p>\n<p>Platonic Summer Seminar 2023:<br \/>\n\u1f04\u03b3\u03c1\u03b1\u03c6\u03b1 \u03b4\u03cc\u03b3\u03bc\u03b1\u03c4\u03b1<\/p>\n<p>The 2023 Platonic Summer Seminar wlll be focused on the study of the Platonic \u1f04\u03b3\u03c1\u03b1\u03c6\u03b1 \u03b4\u03cc\u03b3\u03bc\u03b1\u03c4\u03b1, the unwritten doctrine transmitted orally, alluded to by the dialogues, consisting in the theory of principles, the foundation of the Platonic tradition. For a long time Plato&#8217;s unwritten doctrine has been considered unworthy of attention. Nevertheless, the first important witness who mentions its existence is Aristotle, who in his <i>Physics<\/i> (209 b) writes: &#8220;It is true, indeed, that the account he gives there [i.e. in the <i>Timaeus<\/i>] &#8230; is different from what he says in his so-called unwritten teaching (\u1f04\u03b3\u03c1\u03b1\u03c6\u03b1 \u03b4\u03cc\u03b3\u03bc\u03b1\u03c4\u03b1),&#8221; i.e. in the fundamental metaphysical teaching which Plato disclosed only to his most trusted fellows. The reason for not revealing it to everyone is partially discussed in the <i>Phaedrus<\/i> (276 c) where Plato criticizes the written transmission of knowledge as faulty, favoring instead the spoken logos: &#8220;he who has knowledge of the just and the good and beautiful &#8230; will not, when in earnest, write in ink, sowing through a pen with words which cannot defend themselves by argument and cannot teach the truth effectually.&#8221; This argument is repeated in the <i>Seventh Letter<\/i> (344 c): &#8220;every serious man in dealing with really serious subjects carefully avoids writing.&#8221; And further: &#8220;I can certainly declare concerning all these writers who claim to know the subjects which I seriously study &#8230; there does not exist, nor will there ever exist, any treatise of mine dealing therewith&#8221; (341 c). Such secrecy is necessary in order not &#8220;to expose them to unseemly and degrading treatment&#8221; (344 d). Plato supposedly disclosed his teaching to the public in his lecture <i>On the Good<\/i> (\u03a0\u03b5\u03c1\u1f76 \u03c4\u1f00\u03b3\u03b1\u03b8\u03bf\u1fe6), in which the Good (\u03c4\u1f78 \u1f00\u03b3\u03b1\u03b8\u03cc\u03bd) is identified with the One (\u03c4\u1f78 \u1f15\u03bd), the fundamental ontological principle. The content of this lecture was transmitted by several witnesses, among others Aristoxenus who describes the event in the following words: &#8220;Each came expecting to learn something about the things which are generally considered good for men, such as wealth, good health, physical strength, and altogether a kind of wonderful happiness. But when the mathematical demonstrations came, including numbers, geometrical figures and astronomy, and finally the statement &#8216;Good is One&#8217; seemed to them, I imagine, utterly unexpected and strange; hence some belittled the matter, while others rejected it.&#8221; Simplicius quotes Alexander of Aphrodisias who states that &#8220;according to Plato, the first principles of everything, including the Forms themselves are One and Indefinite Duality (\u1f21 \u1f00\u03cc\u03c1\u03b9\u03c3\u03c4\u03bf\u03c2 \u03b4\u03c5\u03ac\u03c2) which he called Large and Small (\u03c4\u1f78 \u03bc\u03ad\u03b3\u03b1 \u03ba\u03b1\u1f76 \u03c4\u1f78 \u03bc\u03b9\u03ba\u03c1\u03cc\u03bd) &#8230; one might also learn this from Speusippus and Xenocrates and the others who were present at Plato&#8217;s lecture on the Good&#8221;. This account is in agreement with Aristotle&#8217;s description of Plato&#8217;s metaphysical doctrine of principles (\u1f00\u03c1\u03c7\u03b1\u03af) in the <i>Metaphysics<\/i>: &#8220;Now since the Forms are the causes of everything else, he [i.e. Plato] supposed that their elements are the elements of all things. Accordingly, the material principle is the Great and Small [i.e. the Dyad], and the essence is the One (\u03c4\u1f78 \u1f15\u03bd), since the numbers are derived from the Great and Small by participation in the One&#8221; (987 b). &#8220;From this account it is clear that he only employed two causes: that of the essence, and the material cause; for the Forms are the cause of the essence in everything else, and the One is the cause of it in the Forms. He also tells us what the material substrate is of which the Forms are predicated in the case of sensible things, and the One in that of the Forms &#8212; that it is this the duality (\u1f21 \u03b4\u03c5\u03ac\u03c2), the Great and Small (\u03c4\u1f78 \u03bc\u03ad\u03b3\u03b1 \u03ba\u03b1\u1f76 \u03c4\u1f78 \u03bc\u03b9\u03ba\u03c1\u03cc\u03bd). Further, he assigned to these two elements respectively the causation of good and of evil&#8221; (988 a). The first scholar to recognize the importance of the unwritten doctrine of Plato was Heinrich Gomperz who described it in his <a href=\"https:\/\/platon.up.krakow.pl\/Gomperz.pdf\">speech during the 7th International Congress of Philosophy in 1930<\/a>. The sources related to the \u1f04\u03b3\u03c1\u03b1\u03c6\u03b1 \u03b4\u03cc\u03b3\u03bc\u03b1\u03c4\u03b1 have been collected by Konrad Gaiser, published as <a href=\"https:\/\/archive.org\/details\/testimoniaplaton0000gais\">Testimonia Platonica<\/a> in 1963, and subsequently interpreted by scholars such as Hans Joachim Kr\u00e4mer or Thomas A. Szlez\u00e1k. We would like to examine Konrad Gaiser&#8217;s reconstruction of the \u1f04\u03b3\u03c1\u03b1\u03c6\u03b1 \u03b4\u03cc\u03b3\u03bc\u03b1\u03c4\u03b1. We shall supplement his collection of testimonies with the anthologies of Isnardi Parente, Richard, and Arana, and discuss the testimonies of Theophrastus, Hermodorus, Speusippus and Xenocrates. Ps.-Archytas\u2019 \u03a0\u03b5\u03c1\u1f76 \u1f00\u03c1\u03c7\u1ff6\u03bd (<i>On the principles<\/i>) also deserves attention, as well as Do\u0308rrie&#8217;s account of the theory of principles (<a href=\"https:\/\/books.google.pl\/books?id=pkAEAQAAIAAJ\">Platonismus in der Antike IV<\/a>). We shall also discuss various interpretations of Platonic secrecy, Pythagorean and Straussian models of esotericism, and the crucial question of unspeakability of the \u1f04\u03c1\u03c1\u03b7\u03c4\u03bf\u03bd, \u1f00\u03c0\u03cc\u03c1\u03c1\u03b7\u03c4\u03bf\u03bd, and \u1f00\u03c0\u03c1\u03cc\u03c1\u03c1\u03b7\u03c4\u03bf\u03bd.<\/p>\n<p>&nbsp;<\/p>\n<p>Platonic Summer Seminar 2023: Preliminary Schedule<\/p>\n<p>The seminar will focus on the study of Gaiser&#8217;s <a href=\"https:\/\/archive.org\/details\/testimoniaplaton0000gais\">Testimonia Platonica<\/a>. 25.06: Opening, Inaugural lecture 26.06: Section A I-IV (TP 1-21): organization of the Platonic school 27.06: Section B I (TP 22-32): general reports on the Platonic doctrine 28.06: Section B II 1 (TP 33-48): mathematical basics of ontology 29.06: Section B II 2 (TP 49-55): theory of principles 30.06: Section B II 3 ab (TP 56-65): ideal numbers 1.07: Section B II 3 cde (TP 66-72): psychology, cosmology, physics Confirmed guest lecturers: Ewa Atanassow, Abraham Bos, Vincenzo Cicero, Gabriele Cornelli, William Franke, Giuseppe\u00a0Girgenti, Laurence Lampert, Artur Pacewicz.<\/p>\n<p><img decoding=\"async\" src=\"https:\/\/platon.up.krakow.pl\/Testimonia.png\" \/>Platonic Summer Seminar: Readings<\/p>\n<p>Basis of the Seminar: Gaiser, <a href=\"https:\/\/docs.google.com\/document\/d\/18PecPPPufWnZ-TRIe7CeYwt1Iouc_Q_a8_X2hS7L5Zc\/\">Testimonia Platonica<\/a> English translations: Findlay, <a href=\"https:\/\/archive.org\/details\/j.-n.-findlay-plato-the-written-and-unwritten-doctrines\/page\/413\/mode\/2up\">Plato: The Written and Unwritten Doctrines<\/a> Kra\u0308mer, <a href=\"https:\/\/drive.google.com\/file\/d\/1fcBz0Y66PI341FXKSXIfyqYuXIK1AYKE\/\">Plato and the Foundations of Metaphysics<\/a> Alternative anthologies: Isnardi Parente, Testimonia platonica. Aristotele Isnardi Parente, Testimonia platonica. Eta\u0300 ellenistica e imperiale Richard, L&#8217;enseignement oral de Platon Arana, Plat\u00f3n. Las doctrinas no escritas Do\u0308rrie, Der Platonismus in der Antike, Bd. IV [<a href=\"https:\/\/docs.google.com\/document\/d\/1f6kzxXN2xLEuiodcMq_KOjKmHPZ_Q6KMCEVVwDUGpQs\/\">Additional Readings<\/a>]<\/p>\n<p>Platonic Summer Seminar: History<\/p>\n<p>The first edition was held in July 1-9, 2017. Guests: Ma\u0142gorzata Bogaczyk-Vormayr, Piotr Augustyniak, Pawe\u0142 K\u0142oczowski, Piotr Graczyk, Janina Gajda-Krynicka, \u0141ukasz Ko\u0142oczek, Miros\u0142aw Koz\u0142owski, Jakub Majmurek, W\u0142odzimierz Lengauer, Tomasz Mr\u00f3z, Jacek Sieradzan. The <a href=\"https:\/\/platon.up.krakow.pl\/2018\/\">second edition<\/a> on Plato&#8217;s &#8220;Republic&#8221; took place in September 16-21, 2018. Guests: Piotr Augustyniak, Micha\u0142 Bizo\u0144, Ivan Dimitrijevi\u0107, Piotr Graczyk, Pawe\u0142 K\u0142oczowski, Tadeusz Krauze, Zbigniew Kr\u00f3l, Marcin Podbielski, Bogdan Szlachta, and Karol Tarnowski. The <a href=\"https:\/\/platon.up.krakow.pl\/2019\/\">third edition<\/a> on &#8220;Plato and Modernity&#8221; took place in September 23-30, 2019. Guests: Marek Piechowiak, Wies\u0142awa Sajdek, W\u0142odzimierz Heflik, \u015awiatos\u0142aw Florian Nowicki, Piotr Graczyk, Pawe\u0142 Pieni\u0105\u017cek, Pawe\u0142 K\u0142oczowski, Burt Hopkins and \u0141ukasz Ko\u0142oczek. The <a href=\"https:\/\/platon.up.krakow.pl\/2020\/\">fourth edition<\/a> on the idea of Good took place in August 27-September 2, 2020. Guests: Claudia Baracchi, Janina Gajda-Krynicka, Karol Tarnowski, Damian Mrugalski, Artur Pacewicz, Piotr Augustyniak, Piotr Sikora, Alejandro Vigo, Micha\u0142 Bizo\u0144, John Sallis, Kevin Corrigan. The <a href=\"https:\/\/platon.up.krakow.pl\/2021\/\">fifth edition<\/a> on Plato&#8217;s &#8220;Phaedrus&#8221; took place in July 5-11, 2021. The <a href=\"https:\/\/platon.up.krakow.pl\/2022\/\">sixth edition<\/a> on the concept of \u03bf\u1f50\u03c3\u03af\u03b1 took place in August 21-27, 2022.<\/p>\n<p><a href=\"https:\/\/platon.up.krakow.pl\/sprawozdanie.pdf\">Andrzej Serafin&#8217;s 2017-2018 report<\/a> (Argument nr 2\/2018) <a href=\"https:\/\/platon.up.krakow.pl\/reportaz.pdf\">Marta Kalfas&#8217; 2017 report<\/a> (Krak\u00f3w Monthly, 09.2019) <a href=\"https:\/\/www.polskieradio.pl\/8\/3669\/Artykul\/2192635,Kwadrans-bez-muzyki-21-wrzesnia-godz-2244\">Micha\u0142 Nowak&#8217;s 2018 report<\/a> (21.09.2018, Polish Radio II) <audio src=\"https:\/\/platon.up.krakow.pl\/media\/Kwadrans%20bez%20muzyki%20-%20Akademia%20Platon%CC%81ska.mp3\" controls=\"controls\"><\/audio> <a href=\"http:\/\/wikimedia.pl\/blog\/2019\/11\/02\/wikiplatonizm\/\">2019 Wikimedia report<\/a> (2.11.2019)<\/p>\n<p>&nbsp;<\/p>\n<p>Platonic Summer Seminar: Organizers <a href=\"https:\/\/pl.wikipedia.org\/wiki\/Instytut_Filozofii_i_Socjologii_Uniwersytetu_Pedagogicznego_im._KEN_w_Krakowie\"><img decoding=\"async\" src=\"https:\/\/platon.up.krakow.pl\/logo_ifis_bm.png\" \/><\/a> <a href=\"https:\/\/pl.wikipedia.org\/wiki\/Kronos_(kwartalnik)\"><img decoding=\"async\" src=\"https:\/\/platon.up.krakow.pl\/UJ.png\" width=\"170\" \/><img decoding=\"async\" src=\"https:\/\/platon.up.krakow.pl\/Kronos.png\" \/><\/a><\/p>\n<p>Andrzej Serafin Associate professor at the Chair of Metaphysics and Ontology, IFiS UP. Translator of Plato&#8217;s <a href=\"http:\/\/www.polskieradio.pl\/8\/1594\/Artykul\/629296,Dialog-o-milosci-cielesnej\">Symposium<\/a> and <a href=\"http:\/\/kronos.org.pl\/numery\/kronos-2-212012\/kronos-2-212012\/\">Epinomis<\/a>.<\/p>\n<p>Micha\u0142 Bizo\u0144 Associate professor at the Chair of History of Philosophy, IF UJ. Translator of Plato&#8217;s <a href=\"https:\/\/teologiapolityczna.pl\/michal-bizon-hippiasz-mniejszy-jako-dialog-aporetyczny-1\">Hippias minor<\/a>.<\/p>\n<p>Daniel Sobota Professor at the Institute of Philosophy and Sociology, PAN.<\/p>\n<p>Paolo Di Leo Senior Lecturer at the Singapore University of Technology and Design. Scientific Council: prof. Krzysztof Bielawski, prof. Tadeusz Gadacz, prof. Janina Gajda-Krynicka, dr Piotr Graczyk, prof. Pawe\u0142 K\u0142oczowski, dr Marcin Podbielski, prof. Karol Tarnowski<\/p>\n<p>&nbsp;<\/p>\n<p>Platonic Summer Seminar: Location<\/p>\n<p>The Platonic Summer Seminar takes place in the beautiful village of <a href=\"https:\/\/pl.wikipedia.org\/wiki\/Lanckorona\">Lanckorona<\/a>, one hour away from Krakow. We will be hosted by <a href=\"https:\/\/www.facebook.com\/pages\/category\/Hotel\/Willa-Zamek-194618793908397\/\">Willa Zamek<\/a> situated near the ruins of the castle at the top of the hill.<\/p>\n<p><img decoding=\"async\" src=\"https:\/\/platon.up.krakow.pl\/zamek.jpg\" width=\"550\" \/><\/td>\n<\/tr>\n<\/tbody>\n<\/table>\n<\/td>\n<\/tr>\n<\/tbody>\n<\/table>\n<p><a href=\"http:\/\/my.vanderbilt.edu\/williamfranke\/krakow-platonic-summer-seminar\/krakow-picture4\/\" rel=\"attachment wp-att-3904\"><img loading=\"lazy\" decoding=\"async\" class=\"alignleft size-full wp-image-3904\" src=\"https:\/\/cdn.vanderbilt.edu\/t2-my\/my-prd\/wp-content\/uploads\/sites\/470\/2023\/05\/Krakow-Picture4.jpg\" alt=\"Krakow Picture4\" width=\"2268\" height=\"3024\" srcset=\"https:\/\/cdn.vanderbilt.edu\/t2-my\/my-prd\/wp-content\/uploads\/sites\/470\/2023\/05\/Krakow-Picture4.jpg 2268w, https:\/\/cdn.vanderbilt.edu\/t2-my\/my-prd\/wp-content\/uploads\/sites\/470\/2023\/05\/Krakow-Picture4-225x300.jpg 225w, https:\/\/cdn.vanderbilt.edu\/t2-my\/my-prd\/wp-content\/uploads\/sites\/470\/2023\/05\/Krakow-Picture4-768x1024.jpg 768w, https:\/\/cdn.vanderbilt.edu\/t2-my\/my-prd\/wp-content\/uploads\/sites\/470\/2023\/05\/Krakow-Picture4-488x650.jpg 488w\" sizes=\"auto, (max-width: 2268px) 100vw, 2268px\" \/><\/a> <a href=\"http:\/\/my.vanderbilt.edu\/williamfranke\/krakow-platonic-summer-seminar\/krakow-picture3\/\" rel=\"attachment wp-att-3905\"><img loading=\"lazy\" decoding=\"async\" class=\"alignleft size-full wp-image-3905\" src=\"https:\/\/cdn.vanderbilt.edu\/t2-my\/my-prd\/wp-content\/uploads\/sites\/470\/2023\/05\/Krakow-Picture3.jpg\" alt=\"Krakow Picture3\" width=\"2268\" height=\"3024\" srcset=\"https:\/\/cdn.vanderbilt.edu\/t2-my\/my-prd\/wp-content\/uploads\/sites\/470\/2023\/05\/Krakow-Picture3.jpg 2268w, https:\/\/cdn.vanderbilt.edu\/t2-my\/my-prd\/wp-content\/uploads\/sites\/470\/2023\/05\/Krakow-Picture3-225x300.jpg 225w, https:\/\/cdn.vanderbilt.edu\/t2-my\/my-prd\/wp-content\/uploads\/sites\/470\/2023\/05\/Krakow-Picture3-768x1024.jpg 768w, https:\/\/cdn.vanderbilt.edu\/t2-my\/my-prd\/wp-content\/uploads\/sites\/470\/2023\/05\/Krakow-Picture3-488x650.jpg 488w\" sizes=\"auto, (max-width: 2268px) 100vw, 2268px\" \/><\/a><a href=\"http:\/\/my.vanderbilt.edu\/williamfranke\/krakow-platonic-summer-seminar\/krakow-picture2\/\" rel=\"attachment wp-att-3906\"><img loading=\"lazy\" decoding=\"async\" class=\"alignleft size-full wp-image-3906\" src=\"https:\/\/cdn.vanderbilt.edu\/t2-my\/my-prd\/wp-content\/uploads\/sites\/470\/2023\/05\/Krakow-Picture2.jpg\" alt=\"Krakow Picture2\" width=\"2268\" height=\"3024\" srcset=\"https:\/\/cdn.vanderbilt.edu\/t2-my\/my-prd\/wp-content\/uploads\/sites\/470\/2023\/05\/Krakow-Picture2.jpg 2268w, https:\/\/cdn.vanderbilt.edu\/t2-my\/my-prd\/wp-content\/uploads\/sites\/470\/2023\/05\/Krakow-Picture2-225x300.jpg 225w, https:\/\/cdn.vanderbilt.edu\/t2-my\/my-prd\/wp-content\/uploads\/sites\/470\/2023\/05\/Krakow-Picture2-768x1024.jpg 768w, https:\/\/cdn.vanderbilt.edu\/t2-my\/my-prd\/wp-content\/uploads\/sites\/470\/2023\/05\/Krakow-Picture2-488x650.jpg 488w\" sizes=\"auto, (max-width: 2268px) 100vw, 2268px\" \/><\/a><\/p>\n","protected":false},"excerpt":{"rendered":"<p>&nbsp; Videorecording of lecture Plato\u2019s Apophatic Legacy: Taking Letters Literally and Figuring the Unsayable. (youtube.com) \ue768 Plato\u2019s Apophatic Legacy: Taking Letters Literally and Figuring the Unsayable. GUEST LECTURE for 7th Platonic Summer Seminar: \u1f04\u03b3\u03c1\u03b1\u03c6\u03b1 \u03b4\u03cc\u03b3\u03bc\u03b1\u03c4\u03b1, Lanckorona (Krakow), Poland, June 25-July 2, 2023 www.youtube.com &nbsp; 7th Platonic Summer Seminar 25.06\u20131.07.2023 Lanckorona \u1f04\u03b3\u03c1\u03b1\u03c6\u03b1 \u03b4\u03cc\u03b3\u03bc\u03b1\u03c4\u03b1 idea schedule readings&#8230;<\/p>\n","protected":false},"author":615,"featured_media":0,"parent":0,"menu_order":0,"comment_status":"closed","ping_status":"closed","template":"","meta":{"footnotes":""},"tags":[],"class_list":["post-3866","page","type-page","status-publish","hentry"],"_links":{"self":[{"href":"https:\/\/my.vanderbilt.edu\/williamfranke\/wp-json\/wp\/v2\/pages\/3866","targetHints":{"allow":["GET"]}}],"collection":[{"href":"https:\/\/my.vanderbilt.edu\/williamfranke\/wp-json\/wp\/v2\/pages"}],"about":[{"href":"https:\/\/my.vanderbilt.edu\/williamfranke\/wp-json\/wp\/v2\/types\/page"}],"author":[{"embeddable":true,"href":"https:\/\/my.vanderbilt.edu\/williamfranke\/wp-json\/wp\/v2\/users\/615"}],"replies":[{"embeddable":true,"href":"https:\/\/my.vanderbilt.edu\/williamfranke\/wp-json\/wp\/v2\/comments?post=3866"}],"version-history":[{"count":7,"href":"https:\/\/my.vanderbilt.edu\/williamfranke\/wp-json\/wp\/v2\/pages\/3866\/revisions"}],"predecessor-version":[{"id":4030,"href":"https:\/\/my.vanderbilt.edu\/williamfranke\/wp-json\/wp\/v2\/pages\/3866\/revisions\/4030"}],"wp:attachment":[{"href":"https:\/\/my.vanderbilt.edu\/williamfranke\/wp-json\/wp\/v2\/media?parent=3866"}],"wp:term":[{"taxonomy":"post_tag","embeddable":true,"href":"https:\/\/my.vanderbilt.edu\/williamfranke\/wp-json\/wp\/v2\/tags?post=3866"}],"curies":[{"name":"wp","href":"https:\/\/api.w.org\/{rel}","templated":true}]}}